{"id":17,"date":"2016-04-18T13:00:03","date_gmt":"2016-04-18T12:00:03","guid":{"rendered":"http:\/\/jvsurlenet.fr\/?page_id=17"},"modified":"2025-12-16T19:06:00","modified_gmt":"2025-12-16T18:06:00","slug":"concerts","status":"publish","type":"page","link":"https:\/\/jvsurlenet.fr\/index.php\/concerts\/","title":{"rendered":"Concerts"},"content":{"rendered":"<p>Dates \u00e0 venir (mise \u00e0 jour le 16 d\u00e9cembre 2025) :<\/p>\n<ul>\n<li>le samedi 31\/01\/2025, \u00e0 19h (ouverture portes 18h30), en sextet dans le cadre de la soir\u00e9e Blues organis\u00e9e par <a href=\"https:\/\/www.musiqueloisirsalbigny.com\">MLA<\/a>, \u00e0 la Salle du Lavoir d&#8217;Albigny-sur-Sa\u00f4ne (69). Premi\u00e8re partie assur\u00e9e par Lockdown Hoboes Blues Band<\/li>\n<\/ul>\n<p>D&#8217;autres dates sont en cours de programmation&#8230; Rendez-vous sur la page <a href=\"http:\/\/jvsurlenet.fr\/index.php\/contact\/\">Contacts<\/a> pour rester inform\u00e9.<\/p>\n<p>Dates pr\u00e9c\u00e9dentes :<\/p>\n<ul>\n<li>le samedi 1\/02\/2025, en sextet, dans le cadre d&#8217;une soir\u00e9e caritative organis\u00e9e par <a href=\"https:\/\/www.placedesartsgrignan.com\/\">Place des Arts<\/a> et l&#8217;AGAPEC, \u00e0 la Salle des F\u00eates de Grignan (26)<\/li>\n<li>le samedi 30\/11\/2024, en sextet dans le cadre de la soir\u00e9e Blues organis\u00e9e par <a href=\"https:\/\/www.musiqueloisirsalbigny.com\">MLA<\/a>, \u00e0 la Salle du Lavoir d&#8217;Albigny-sur-Sa\u00f4ne (69). Plateau partag\u00e9 avec <a href=\"https:\/\/mtizblues.wixsite.com\/mtiz\">M&#8217;Tiz<\/a> Blues Band<\/li>\n<li>le samedi 25\/11\/2023, en quintet dans le cadre de la soir\u00e9e Jazz &amp; Blues du <a href=\"https:\/\/www.musiqueloisirsalbigny.com\">MLA<\/a>, \u00e0 la Salle du Lavoir, \u00e0 Albigny-sur-Sa\u00f4ne (69)<\/li>\n<li>le samedi 24\/09\/2022, en quintet ou sextet (J&amp;V \u00e0 5,5 \ud83d\ude42 dans le cadre du festival Amply, en plein-air devant la <a href=\"https:\/\/www.mediatheque-neuvillesursaone.fr\/\">m\u00e9diath\u00e8que Jacques Brel<\/a> de Neuville-sur-Sa\u00f4ne (69)<\/li>\n<li>le samedi 9\/04\/2022, \u00e0 20h30, en trio au <a href=\"http:\/\/www.kotopo.net\/\">KoToPo<\/a> (Lyon 01, 69), sp\u00e9cial Neil Young<\/li>\n<li>le vendredi 11\/03\/2022, \u00e0 20h30, en quintet \u00e0 <a href=\"https:\/\/chambre-noire.org\/\">La Chambre Noire<\/a> (Lyon 05, 69)<\/li>\n<li>le samedi 5\/02\/2022, \u00e0 19h, au <a href=\"https:\/\/www.newnote.fr\/evenements\">NewNote<\/a> (Lyon 8\u00e8me, 69) &#8211; REPORT\u00c9<\/li>\n<li>le samedi 16\/10\/2021, \u00e0 18h, \u00e0 l&#8217;INSA de Lyon (Villeurbanne, 69) &#8211; Concert priv\u00e9<\/li>\n<li>le vendredi 12\/06\/2021, en quintet (&#8220;J&amp;V \u00e0 5&#8221;), au <a href=\"https:\/\/www.hotclubjazzlyon.com\/\">Hot Club de Lyon<\/a> (Lyon 1er, 69) &#8211; ANNUL\u00c9 (Covid)<\/li>\n<li>le samedi 15\/02\/2020, en duo au <a href=\"http:\/\/www.kotopo.net\/\">KoToPo<\/a> (Lyon 01, 69), en off du festival &#8220;<a href=\"http:\/\/www.cineoclock.com\/\">Cin\u00e9 O&#8217;Clock<\/a>&#8220;<\/li>\n<li>le jeudi 10\/10\/2019, \u00e0 l&#8217;<a href=\"http:\/\/www.amperage.fr\/\">Amp\u00e9rage<\/a> (Grenoble, 38), dans le cadre du Tremplin &#8220;Les P\u00e9pites Musicales&#8221;<\/li>\n<li>le vendredi 11\/10\/2019, \u00e0 22h, en quintet (&#8220;J&amp;V \u00e0 5&#8221;), \u00e0 <a href=\"https:\/\/lacommune.co\/events\/jv-a-4-concert-live\/\">La Commune<\/a> (Lyon 7\u00e8me, 69)<\/li>\n<li>le samedi 14\/09\/2019, \u00e0 20h30, \u00e0 l&#8217;<a href=\"https:\/\/www.facebook.com\/New1900\/\">Authentique New 1900<\/a> (Villefranche-sur-Sa\u00f4ne, 69)<\/li>\n<li>le mercredi 29\/05\/2019, en duo, \u00e0 la Maison des Personnels de l&#8217;INSA de Lyon (Villeurbanne, 69). Sp\u00e9cial &#8220;Clapton&#8221;.<\/li>\n<li>le vendredi 22 mars 2019, \u00e0 19h45, en formule quartet (&#8220;J&amp;V \u00e0 4&#8221;) au <a href=\"http:\/\/www.jazzclub-lyonsaintgeorges.fr\/fr\/blues-soul-jazz-vocal-lyon\/263-j-v-quartet-blues?date=2017-03-29-19-45\">Jazzclub Lyon Saint-Georges<\/a> (Lyon 05, 69)<\/li>\n<li>le samedi 09\/02\/2019, \u00e0 20h30, en duo, au <a href=\"http:\/\/www.kotopo.net\/\">KoToPo<\/a> (Lyon 01, 69), en off du festival &#8220;<a href=\"http:\/\/www.cineoclock.com\/\">Cin\u00e9 O&#8217;Clock<\/a>&#8220;<\/li>\n<li>le samedi 29 ao\u00fbt 2018,\u00a0 grande sc\u00e8ne du festival<a href=\"https:\/\/jazzaccordfestival.com\/\"> JazzAccord<\/a>\u00a0 (Lentilly, 69) (en tant que laur\u00e9at du 1er prix du tremplin 2017) (PARTICIPATION ANNUL\u00c9E suite changement organisateur)<\/li>\n<li>le vendredi 13\/07\/2018, 19h, au <a href=\"https:\/\/www.facebook.com\/horsefieldfestival\">Horse Field Festival<\/a> (Curis-au-Mont-d&#8217;Or, 69)<\/li>\n<li>le jeudi 28\/06\/2018, 20h30, festival <a href=\"https:\/\/freesons-orlienas.jimdo.com\/\">Freesons<\/a> (Orlienas, 69)<\/li>\n<li>le jeudi 21\/06\/018, \u00e0 20h00, pour la F\u00eate de la Musique, sur la place centrale du village, devant la <a href=\"http:\/\/www.latabledalbigny.fr\/\">Table d&#8217;Albigny<\/a> (Abligny-sur-Sa\u00f4ne, 69)<\/li>\n<li>le vendredi 1\/06\/2018, \u00e0 20h30, <a href=\"http:\/\/www.bieresbio.fr\/taverne-vente-directe\/\">Taverne BBMO<\/a> (Bi\u00e8re Bio des Monts d&#8217;Or) (Curis-au-Mont-d&#8217;Or, 69)<\/li>\n<li>le mercredi 28\/03\/2018, \u00e0 19h45, en formule quartet (&#8220;J&amp;V \u00e0 4&#8221;) au <a href=\"http:\/\/www.jazzclub-lyonsaintgeorges.fr\/fr\/blues-soul-jazz-vocal-lyon\/263-j-v-quartet-blues?date=2017-03-29-19-45\">Jazzclub Lyon Saint-Georges<\/a> (Lyon 05, 69)<\/li>\n<li>le samedi 10\/02\/2018, \u00e0 20h30, au <a href=\"http:\/\/www.kotopo.net\/\">KoToPo<\/a> (Lyon 01, 69), en off du festival &#8220;<a href=\"http:\/\/www.cineoclock.com\/\">Cin\u00e9 O&#8217;Clock<\/a>&#8220;<\/li>\n<li>le samedi 18\/11\/2017, \u00e0 21h30, \u00e0 l&#8217;<a href=\"https:\/\/www.facebook.com\/atmosphere.pianobar\/\">Atmo<\/a> (Lyon 01, 69)<\/li>\n<li>le samedi 2\/09\/2017, \u00e0 18h30, place de la Mairie de Lentilly, mini-set (45 min) dans le cadre du tremplin &#8220;Off&#8221; du <a href=\"https:\/\/jazzaccordfestival.com\/concerts-off-jam-sessions\/\">Festival JazzAccord<\/a>\u00a0 (Lentilly, 69) <em>Remarque : nous sommes les heureux laur\u00e9ats du 1er Prix de ce tremplin \ud83d\ude42<\/em><\/li>\n<li>le samedi 7\/10\/2017, \u00e0 20h30, set &#8220;unplugged&#8221; (100% acoustique) au <a href=\"http:\/\/www.classicrockcafe.club\/\">Classic Rock Caf\u00e9<\/a> (Villefranche-sur-Sa\u00f4ne, 69)<\/li>\n<li>le 15\/07\/2017 \u00e0 17h00, au <a href=\"https:\/\/www.facebook.com\/horsefieldfestival\">Horse Field Festival<\/a> (Curis-au-Mont-d&#8217;Or, 69)<\/li>\n<li>le mercredi 12\/07\/2017, soir\u00e9e Vino&#8217;Concert, en formule quartet (&#8220;J&amp;V \u00e0 4&#8221;), cave coop\u00e9rative La Vinsobraise (Vinsobres, 26)<\/li>\n<li>le jeudi 29\/06\/2017, \u00e0 20h30, en formule quartet (&#8220;J&amp;V \u00e0 4&#8221;) au festival <a href=\"https:\/\/freesons-orlienas.jimdo.com\/\">Freesons<\/a> (Orlienas, 69) &#8211; FESTIVAL ANNUL\u00c9 (m\u00e9t\u00e9o)<\/li>\n<li>le vendredi 23\/06\/2017, h\u00f4tel Mercure Charbonni\u00e8res (Charbonni\u00e8res-les-Bains, 69)(\u00e9v\u00e9nement priv\u00e9 avec le Hard Rock Caf\u00e9)<\/li>\n<li>le mercredi 12\/04\/2017, \u00e0 20h, en duo, \u00e0 l&#8217;INSA de Lyon, c\u00e9r\u00e9monie des 25 ans de la section SCAN (soir\u00e9e priv\u00e9e)<\/li>\n<li>le mercredi 29\/03\/2017, \u00e0 19h45, en formule quartet (&#8220;J&amp;V \u00e0 4&#8221;) au <a href=\"http:\/\/www.jazzclub-lyonsaintgeorges.fr\/fr\/blues-soul-jazz-vocal-lyon\/263-j-v-quartet-blues?date=2017-03-29-19-45\">Jazzclub Lyon Saint-Georges<\/a> (Lyon 05, 69)<\/li>\n<li>le lundi 13\/02\/2017, \u00e0 20h, mini-concert avant s\u00e9ance au Festival &#8220;<a href=\"http:\/\/www.cineoclock.com\/\">Cin\u00e9 O&#8217;Clock<\/a>&#8220;, cin\u00e9ma <a href=\"http:\/\/www.lezola.com\">Le Zola<\/a> (Villeurbanne, 69)<\/li>\n<li>le mardi 15\/11\/2016, \u00e0 la Maison des Personnels de l&#8217;INSA de Lyon (Villeurbanne, 69)<\/li>\n<li>le vendredi 14\/10\/2016, au <a href=\"https:\/\/www.facebook.com\/LeComptoirDemange\/\">Comptoir Demange <\/a>(Neuville-sur-Sa\u00f4ne, 69)<\/li>\n<li>le samedi 17\/09\/2016, au <a href=\"https:\/\/www.facebook.com\/horsefieldfestival\">Horse Field Festival<\/a> (Curis-au-Mont-d&#8217;Or, 69) &#8211; FESTIVAL ANNUL\u00c9.<\/li>\n<li>le samedi 09\/07\/2016, au <a href=\"http:\/\/www.classicrockcafe.club\/\">Classic Rock Caf\u00e9<\/a> (Villefranche-sur-Sa\u00f4ne, 69)<\/li>\n<li>le samedi 25\/06\/2016, t\u00eate d&#8217;affiche de la f\u00eate de la musique d&#8217;Albigny-sur-Sa\u00f4ne (Albigny-sur-Sa\u00f4ne, 69)<\/li>\n<li>le vendredi 20\/05\/2016, \u00e0 l&#8217;UNADEV de Lyon (Lyon, 69) (concert priv\u00e9)<\/li>\n<li>le mercredi 18\/05\/2016, \u00e0 20h, en 1\u00e8re partie de la jam de N&#8217;ando, au <a href=\"http:\/\/www.classicrockcafe.club\/\">Classic Rock Caf\u00e9<\/a> (Villefranche-sur-Sa\u00f4ne, 69)<\/li>\n<\/ul>\n<p><img loading=\"lazy\" decoding=\"async\" class=\" wp-image-124 aligncenter\" src=\"http:\/\/jvsurlenet.fr\/wp-content\/uploads\/2016\/06\/JV_noir_transp-300x300.png\" alt=\"J&amp;V_noir_transp\" width=\"116\" height=\"116\" srcset=\"https:\/\/jvsurlenet.fr\/wp-content\/uploads\/2016\/06\/JV_noir_transp-300x300.png 300w, https:\/\/jvsurlenet.fr\/wp-content\/uploads\/2016\/06\/JV_noir_transp-150x150.png 150w, https:\/\/jvsurlenet.fr\/wp-content\/uploads\/2016\/06\/JV_noir_transp-768x768.png 768w, https:\/\/jvsurlenet.fr\/wp-content\/uploads\/2016\/06\/JV_noir_transp-1024x1024.png 1024w, https:\/\/jvsurlenet.fr\/wp-content\/uploads\/2016\/06\/JV_noir_transp-600x600.png 600w, https:\/\/jvsurlenet.fr\/wp-content\/uploads\/2016\/06\/JV_noir_transp-480x480.png 480w, https:\/\/jvsurlenet.fr\/wp-content\/uploads\/2016\/06\/JV_noir_transp-250x250.png 250w\" sizes=\"auto, (max-width: 116px) 100vw, 116px\" \/><\/p>\n","protected":false},"excerpt":{"rendered":"<p>Dates \u00e0 venir (mise \u00e0 jour le 16 d\u00e9cembre 2025) : le samedi 31\/01\/2025, \u00e0 19h (ouverture portes 18h30), en sextet dans le cadre de la soir\u00e9e Blues organis\u00e9e par MLA, \u00e0 la Salle du Lavoir d&#8217;Albigny-sur-Sa\u00f4ne (69). Premi\u00e8re partie assur\u00e9e par Lockdown Hoboes Blues Band D&#8217;autres dates sont en cours de programmation&#8230; Rendez-vous sur&hellip;<a href=\"https:\/\/jvsurlenet.fr\/index.php\/concerts\/\" class=\"button\">Read more <span class=\"screen-reader-text\">Concerts<\/span><\/a><\/p>\n","protected":false},"author":1,"featured_media":0,"parent":0,"menu_order":0,"comment_status":"closed","ping_status":"closed","template":"","meta":{"footnotes":""},"class_list":["post-17","page","type-page","status-publish","hentry"],"_links":{"self":[{"href":"https:\/\/jvsurlenet.fr\/index.php\/wp-json\/wp\/v2\/pages\/17","targetHints":{"allow":["GET"]}}],"collection":[{"href":"https:\/\/jvsurlenet.fr\/index.php\/wp-json\/wp\/v2\/pages"}],"about":[{"href":"https:\/\/jvsurlenet.fr\/index.php\/wp-json\/wp\/v2\/types\/page"}],"author":[{"embeddable":true,"href":"https:\/\/jvsurlenet.fr\/index.php\/wp-json\/wp\/v2\/users\/1"}],"replies":[{"embeddable":true,"href":"https:\/\/jvsurlenet.fr\/index.php\/wp-json\/wp\/v2\/comments?post=17"}],"version-history":[{"count":78,"href":"https:\/\/jvsurlenet.fr\/index.php\/wp-json\/wp\/v2\/pages\/17\/revisions"}],"predecessor-version":[{"id":392,"href":"https:\/\/jvsurlenet.fr\/index.php\/wp-json\/wp\/v2\/pages\/17\/revisions\/392"}],"wp:attachment":[{"href":"https:\/\/jvsurlenet.fr\/index.php\/wp-json\/wp\/v2\/media?parent=17"}],"curies":[{"name":"wp","href":"https:\/\/api.w.org\/{rel}","templated":true}]}}